{"id":620,"date":"2023-11-23T23:08:54","date_gmt":"2023-11-23T23:08:54","guid":{"rendered":"https:\/\/confrariaenofilosalentejo.pt\/2\/?page_id=620"},"modified":"2023-12-15T11:00:37","modified_gmt":"2023-12-15T11:00:37","slug":"confrades","status":"publish","type":"page","link":"https:\/\/confrariaenofilosalentejo.pt\/2\/confrades\/","title":{"rendered":"Confrades"},"content":{"rendered":"\n<div id=\"wp-block-themeisle-blocks-advanced-columns-6d39dfb0\" class=\"wp-block-themeisle-blocks-advanced-columns alignfull has-1-columns has-desktop-equal-layout has-tablet-equal-layout has-mobile-equal-layout has-vertical-unset\"><div class=\"wp-block-themeisle-blocks-advanced-columns-overlay\"><\/div><div class=\"innerblocks-wrap\">\n<div id=\"wp-block-themeisle-blocks-advanced-column-d08a6c6d\" class=\"wp-block-themeisle-blocks-advanced-column\">\n<h1 class=\"wp-block-heading has-text-align-center has-nv-text-dark-bg-color has-text-color\">Confrades<\/h1>\n\n\n\n<hr class=\"wp-block-separator has-text-color has-neve-button-color-color has-css-opacity has-neve-button-color-background-color has-background\"\/>\n<\/div>\n<\/div><\/div>\n\n\n\n<p><\/p>\n\n\n\n<p class=\"has-text-align-justify\">Os estatutos atuais da Confraria dos En\u00f3filos do Alentejo contemplam a exist\u00eancia de quatro categorias de associados: Confrades Fundadores, Confrades Irm\u00e3os, Confrades de Honra e Confrades de M\u00e9rito.<\/p>\n\n\n\n<div id=\"wp-block-themeisle-blocks-tabs-dd26cd75\" class=\"wp-block-themeisle-blocks-tabs is-style-boxed  has-dark-bg\"><div class=\"wp-block-themeisle-blocks-tabs__content\">\n<div data-title=\"Confrades Fundadores\" class=\"wp-block-themeisle-blocks-tabs-item\"><div class=\"wp-block-themeisle-blocks-tabs-item__header\" tabindex=\"0\">Confrades Fundadores<\/div><div class=\"wp-block-themeisle-blocks-tabs-item__content\">\n<p><strong>Cerim\u00f3nia de entroniza\u00e7\u00e3o em 9 de Novembro de 1991, na sala de Actos da Universidade de \u00c9vora<\/strong><\/p>\n\n\n\n<p>AD\u00cdLIO JOS\u00c9 ZEFERINO CORVO<\/p>\n\n\n\n<p>ADRIANO FRANCISCO DE OLIVEIRA<\/p>\n\n\n\n<p>ALBERTO FIGUEIREDO KROHN DA SILVA<\/p>\n\n\n\n<p>ALEXANDRE CARLOS DE MELLO V. C. RELVAS<\/p>\n\n\n\n<p>AM\u00c2NDIO JOS\u00c9 ELEUT\u00c9RIO DA CRUZ&nbsp;<\/p>\n\n\n\n<p>AMARO MARCELINO REBOLA CAM\u00d5ES<\/p>\n\n\n\n<p>AMOR DA RESSURREI\u00c7\u00c3O AMARAL FIALHO<\/p>\n\n\n\n<p>ANA MARIA G. BARBOSA<\/p>\n\n\n\n<p>ANDR\u00c9 BARROS MENDES DORDIO<\/p>\n\n\n\n<p>AN\u00cdBAL PATR\u00cdCIO&nbsp;<\/p>\n\n\n\n<p>ANT\u00d3NIA MARIA SOARES PRATES OLIVEIRA<\/p>\n\n\n\n<p>ANT\u00d3NIO FRANCISCO AVILLEZ<\/p>\n\n\n\n<p>ANT\u00d3NIO GON\u00c7ALVES SANTOS JUNIOR<\/p>\n\n\n\n<p>ANT\u00d3NIO JOAQUIM BARROCAS GUERRA<\/p>\n\n\n\n<p>ANT\u00d3NIO JOS\u00c9 CARMELO AIRES<\/p>\n\n\n\n<p>ANT\u00d3NIO JOS\u00c9 CAROLA MAU<\/p>\n\n\n\n<p>ANT\u00d3NIO LUCAS ROSA<\/p>\n\n\n\n<p>ANT\u00d3NIO LUIS C.CORTEZ DE LOB\u00c3O<\/p>\n\n\n\n<p>ANT\u00d3NIO MANUEL BAI\u00c3O LAN\u00c7A<\/p>\n\n\n\n<p>ANT\u00d3NIO MARIA ROSADO PEREIRA<\/p>\n\n\n\n<p>ANT\u00d3NIO M\u00c1RIO CH\u00c9U LIM\u00c3O OLIVEIRA<\/p>\n\n\n\n<p>ANT\u00d3NIO PAULO LOUREN\u00c7O (\u2020)<\/p>\n\n\n\n<p>ANT\u00d3NIO SARAMAGO<\/p>\n\n\n\n<p>ANT\u00d3NIO S\u00c9RGIO CURVELO GARCIA<\/p>\n\n\n\n<p>ANT\u00ba MANUEL F.DOS SANTOS GON\u00c7ALVES<\/p>\n\n\n\n<p>ARLINDO MANUEL PADILHA ROSADO<\/p>\n\n\n\n<p>ARLINDO MARIA RUIVO<\/p>\n\n\n\n<p>ARM\u00c9NIO DE JESUS FERNANDES (\u2020)<\/p>\n\n\n\n<p>ARNALDO GOMES MADEIRA<\/p>\n\n\n\n<p>ARTHUR PICCOLOMINI DE AZEVEDO<\/p>\n\n\n\n<p>ARTUR VARELA PAES CONCEI\u00c7\u00c3O E SILVA<\/p>\n\n\n\n<p>AUGUSTO PEIXE<\/p>\n\n\n\n<p>BRUNO TIAGO GUERRA GRADES<\/p>\n\n\n\n<p>C\u00c2NDIDA VACAS DE CARVALHO<\/p>\n\n\n\n<p>CARLOS ALBERO MARTINS PORTAS<\/p>\n\n\n\n<p>CARLOS ALBERTO MARTINS PRATA&nbsp;<\/p>\n\n\n\n<p>CARLOS AUGUSTO GOMES PERICO<\/p>\n\n\n\n<p>CARLOS ERNESTO CABRAL DE MELLO<\/p>\n\n\n\n<p>CARLOS FAUSTINO ROQUE DO VALE<\/p>\n\n\n\n<p>CARLOS MANUEL P. DE ALMEIDA SAMPAIO<\/p>\n\n\n\n<p>CELESTINO COSTA ROSADO<\/p>\n\n\n\n<p>CLAUDIA MONTEIRO GOMES<\/p>\n\n\n\n<p>COMISS\u00c3O VITIVIN\u00cdCOLA REGIONAL ALENTEJANA<\/p>\n\n\n\n<p>DELMAR SILVA GOMES BARREIROS<\/p>\n\n\n\n<p>DIOGO MANUEL CANH\u00c4O SAPATINHA<\/p>\n\n\n\n<p>DIOGO MIGUEL DA FONSECA CARRETO LOPES&nbsp;<\/p>\n\n\n\n<p>DOMINGOS SOARES FRANCO<\/p>\n\n\n\n<p>DORA CLARA CORREIA SIM\u00d5ES<\/p>\n\n\n\n<p>DORINA ANGELIKA LINDEMANN<\/p>\n\n\n\n<p>DUARTE LEAL DA COSTA<\/p>\n\n\n\n<p>EURICO EDGAR DA PALMA PIRES<\/p>\n\n\n\n<p>FERNAND BODEN<\/p>\n\n\n\n<p>FERNANDO JOS\u00c9 SANCHEZ RAMIREZ<\/p>\n\n\n\n<p>FERNANDO MANUEL CARPINTEIRO ALBINO<\/p>\n\n\n\n<p>FERNANDO MANUEL DIREITINHO<\/p>\n\n\n\n<p>FERNANDO MORAIS PINTO<\/p>\n\n\n\n<p>FERNANDO PAIVA DE CASTRO<\/p>\n\n\n\n<p>FILINTO ELISIO<\/p>\n\n\n\n<p>FILIPE FRA\u00daSTO DA SILVA<\/p>\n\n\n\n<p>FRANCISCO ANT\u00d3NIO COLA\u00c7O DO ROS\u00c1RIO<\/p>\n\n\n\n<p>FRANCISCO ANT\u00d3NIO FIALHO MATA<\/p>\n\n\n\n<p>FRANCISCO ANT\u00d3NIO MENDES BOLAS<\/p>\n\n\n\n<p>FRANCISCO COLA\u00c7O DO ROS\u00c1RIO&nbsp; (\u2020)<\/p>\n\n\n\n<p>FRANCISCO ESTEVES GON\u00c7ALVES<\/p>\n\n\n\n<p>FRANCISCO G. SOUZA MALDONADO<\/p>\n\n\n\n<p>FRANCISCO JOS\u00c9 BARROSO MIRA<\/p>\n\n\n\n<p>FRANCISCO JOS\u00c9 PIMENTA<\/p>\n\n\n\n<p>FRANCISCO M.LOPES FIGUEIRA<\/p>\n\n\n\n<p>FRANCISCO MANUEL BAPTISTA FINO<\/p>\n\n\n\n<p>FRANCISCO TRINDADE CAEIRO<\/p>\n\n\n\n<p>FRANZ FISCHLER<\/p>\n\n\n\n<p>GABRIEL AMARAL FIALHO<\/p>\n\n\n\n<p>GABRIEL FRANCISCO DIAS<\/p>\n\n\n\n<p>GABRIEL ROMA ANDORINHO<\/p>\n\n\n\n<p>GERARD SCHICKERT<\/p>\n\n\n\n<p>GERTRUDES BAPTISTA ROSETA FINO<\/p>\n\n\n\n<p>GUSTAVO FRAN\u00c7A BORGES<\/p>\n\n\n\n<p>HELDER BEXIGA TOMAZ ALMEIDA<\/p>\n\n\n\n<p>HEMIL\u00c4 KALEVI<\/p>\n\n\n\n<p>HENRIQUE MANUEL FUSCO GRANADEIRO<\/p>\n\n\n\n<p>HERLANDER CARVALHO<\/p>\n\n\n\n<p>HERMINIO JOS\u00c9 BARROSO MIRA<\/p>\n\n\n\n<p>JAAK GABRI\u00cbLS<\/p>\n\n\n\n<p>JEAN-ANDR\u00c9 GLAVANY<\/p>\n\n\n\n<p>JER\u00d3NIMO JOS\u00c9 GALHANAS CAVACO<\/p>\n\n\n\n<p>JOANA IN\u00caS ROQUE DO VALE<\/p>\n\n\n\n<p>JO\u00c3O A. COSTA VENTURA<\/p>\n\n\n\n<p>JO\u00c3O ALVES PIMENTA<\/p>\n\n\n\n<p>JO\u00c3O AMARAL MARQUES (\u2020)<\/p>\n\n\n\n<p>JO\u00c3O ANDRADE SANTOS<\/p>\n\n\n\n<p>JO\u00c3O ANTERO ARA\u00daJO (\u2020)<\/p>\n\n\n\n<p>JO\u00c3O COTTA DIAS<\/p>\n\n\n\n<p>JO\u00c3O DA CONCEI\u00c7\u00c3O LOUREN\u00c7O SALES<\/p>\n\n\n\n<p>JO\u00c3O DE ALMEIDA CARDADEIRO<\/p>\n\n\n\n<p>JO\u00c3O JOS\u00c9 GOMES ESTEVES<\/p>\n\n\n\n<p>JO\u00c3O LUIS MARTINS TORRES VAZ FREIRE<\/p>\n\n\n\n<p>JO\u00c2O LUIS SARDINHA PAIX\u00c3O<\/p>\n\n\n\n<p>JO\u00c3O MANUEL GON\u00c7ALVES NABEIRO<\/p>\n\n\n\n<p>JO\u00c3O MANUEL LEAL SALVA\u00c7\u00c3O<\/p>\n\n\n\n<p>JO\u00c3O MANUEL PIRES LOPES<\/p>\n\n\n\n<p>JO\u00c3O MARIA MURTEIRA CORREIA<\/p>\n\n\n\n<p>JO\u00c3O MELICIAS DUARTE<\/p>\n\n\n\n<p>JO\u00c3O MOTA BARROSO<\/p>\n\n\n\n<p>JO\u00c3O NUNES PIRES<\/p>\n\n\n\n<p>JO\u00c3O PEDRO TOSCANO RICO (\u2020)<\/p>\n\n\n\n<p>JO\u00c3O PORTUGAL RAMOS<\/p>\n\n\n\n<p>JO\u00c3O RAFAEL COELHO GANCHO<\/p>\n\n\n\n<p>JO\u00c3O ROSADO CORREIA (\u2020)<\/p>\n\n\n\n<p>JO\u00c3O VENTURA DA SILVA&nbsp; (\u2020)<\/p>\n\n\n\n<p>JOAQUIM A. SERR\u00c3O FIALHO<\/p>\n\n\n\n<p>JOAQUIM AGOSTINHO PEDRAS DA SILVA<\/p>\n\n\n\n<p>JOAQUIM AN\u00cdBAL FREIXIAL DE G\u00d3IS<\/p>\n\n\n\n<p>JOAQUIM B.VARELA<\/p>\n\n\n\n<p>JOAQUIM JOS\u00c9 GALANTE DE CARVALHO<\/p>\n\n\n\n<p>JOAQUIM MANUEL GOMES MADEIRA<\/p>\n\n\n\n<p>JOAQUIM MANUEL SERRA CALISTO<\/p>\n\n\n\n<p>JOAQUIM MENDES BOLAS<\/p>\n\n\n\n<p>JOAQUIM PEDRO GORJ\u00c3O HENRIQUES REBELO ARNAUD<\/p>\n\n\n\n<p>JOAQUIM PENIM PINHEIRO<\/p>\n\n\n\n<p>JORGE B\u00d6HM<\/p>\n\n\n\n<p>JORGE CARRARA<\/p>\n\n\n\n<p>JORGE DA CONCEI\u00c7\u00c3O LOPES<\/p>\n\n\n\n<p>JORGE FRANCISCO PINTO GANH\u00c3O (\u2020)<\/p>\n\n\n\n<p>JORGE LOURINHO SANTOS<\/p>\n\n\n\n<p>JORGE LUCKI<\/p>\n\n\n\n<p>JORGE MANUEL BARROCO DUARTE<\/p>\n\n\n\n<p>JORGE MANUEL BOTAS FRAGOSO PIRES&nbsp;<\/p>\n\n\n\n<p>JORGE MANUEL FERREIRA MARTINS<\/p>\n\n\n\n<p>JORGE MANUEL FONSECA E SILVA<\/p>\n\n\n\n<p>JORGE QUINA ARA\u00daJ0<\/p>\n\n\n\n<p>JORGE RANGEL TOSCANO<\/p>\n\n\n\n<p>JORGE TAVARES DA COSTA<\/p>\n\n\n\n<p>JORGETE BANZA<\/p>\n\n\n\n<p>JOS\u00c9 ALBERTO GUERREIRO DOS SANTOS<\/p>\n\n\n\n<p>JOS\u00c9 ALBERTO NORONHA MARQUES ROBALO<\/p>\n\n\n\n<p>JOS\u00c9 ALEXANDRE DA S. POLICARPO<\/p>\n\n\n\n<p>JOS\u00c9 ANT\u00d3NIO DE VARGAS DIAS LOPES<\/p>\n\n\n\n<p>JOS\u00c9 ANT\u00d3NIO FERR\u00c3O CASTELO BRANCO<\/p>\n\n\n\n<p>JOS\u00c9 ANT\u00d3NIO FONSECA<\/p>\n\n\n\n<p>JOS\u00c9 ANT\u00ba CHOCOLATE CONTRADAN\u00c7AS<\/p>\n\n\n\n<p>JOS\u00c9 BELEZA MOREIRA CHICAU<\/p>\n\n\n\n<p>JOS\u00c9 CARLOS BISMARK DE MELO<\/p>\n\n\n\n<p>JOS\u00c9 CARLOS C.LOPES LOB\u00c3O<\/p>\n\n\n\n<p>JOS\u00c9 CARLOS ZORRINHO<\/p>\n\n\n\n<p>JOS\u00c9 DO ROS\u00c1RIO OLEIRO MALT\u00caZ<\/p>\n\n\n\n<p>JOS\u00c9 EMIDIO S. NUNES COMENDA<\/p>\n\n\n\n<p>JOS\u00c9 ERNESTO DE OLIVEIRA<\/p>\n\n\n\n<p>JOS\u00c9 ESTEV\u00c3O SANTOS JORGE<\/p>\n\n\n\n<p>JOS\u00c9 FERNANDO MATA CACERES<\/p>\n\n\n\n<p>JOS\u00c9 JOAQUIM SANTOS<\/p>\n\n\n\n<p>JOS\u00c9 JOAQUIM SOARES ROSA<\/p>\n\n\n\n<p>JOS\u00c9 LUIS ALVIM BORGES<\/p>\n\n\n\n<p>JOS\u00c9 MANUEL BELTRAN FRANCO<\/p>\n\n\n\n<p>JOS\u00c9 MANUEL DE MELLO&nbsp; (\u2020)<\/p>\n\n\n\n<p>JOS\u00c9 MANUEL NUNES BARATA DE BRITO DA LUZ&nbsp;<\/p>\n\n\n\n<p>JOS\u00c9 MANUEL PINHO MARTINS<\/p>\n\n\n\n<p>JOS\u00c9 MARIA SANTANA<\/p>\n\n\n\n<p>JOS\u00c9 MARIANO DOS SANTOS SOEIRO<\/p>\n\n\n\n<p>JOS\u00c9 MARTINS DA SILVA MOUZINHO<\/p>\n\n\n\n<p>JOS\u00c9 MATEUS OURIVES GIN\u00d3<\/p>\n\n\n\n<p>JOS\u00c9 PAULINO<\/p>\n\n\n\n<p>JOS\u00c9 PEDRO ROQUETE<\/p>\n\n\n\n<p>KARL-HEINZ FUNKE<\/p>\n\n\n\n<p>LAURENS J. BRINKHORST<\/p>\n\n\n\n<p>LEONARDO VALIDO MAIA<\/p>\n\n\n\n<p>LEONEL ANT\u00d3NIO CAMEIRINHA&nbsp;<\/p>\n\n\n\n<p>LEONEL VOGADO FRANCO (\u2020)<\/p>\n\n\n\n<p>LEONILDE MARTINS PINHEIRO SILVEIRA (\u2020)<\/p>\n\n\n\n<p>LUIS ANT\u00d3NIO DAM\u00c1SIO CAPOULAS<\/p>\n\n\n\n<p>LUIS ANT\u00d3NIO FARIA ROSADO<\/p>\n\n\n\n<p>LU\u00cdS AUR\u00c9LIO CARDOSO LIN\u00c3&nbsp;<\/p>\n\n\n\n<p>LUIS BARAHONA MIRA DA SILVA<\/p>\n\n\n\n<p>LUIS CAPOULAS SANTOS<\/p>\n\n\n\n<p>LUIS FERNANDO LOUREIRO ABILIO<\/p>\n\n\n\n<p>LUIS FILIPE LOPES MORENO ANTUNES<\/p>\n\n\n\n<p>LUIS FILIPE PERDIZ<\/p>\n\n\n\n<p>LUIS FRANCISCO VALENTE DE OLIVEIRA<\/p>\n\n\n\n<p>LUIS GONZAGA DE SOUSA MORAIS CARDOSO<\/p>\n\n\n\n<p>LUIS IN\u00caZ FERNANDES<\/p>\n\n\n\n<p>LUIS LOUSA DUARTE<\/p>\n\n\n\n<p>LUIS M.FARINHA CHINELO<\/p>\n\n\n\n<p>LUIS MANUEL DE MADUREIRA PIRES<\/p>\n\n\n\n<p>LUIS MANUEL SILVA SANTOS (\u2020)<\/p>\n\n\n\n<p>LUIS MEDEIROS VIEIRA<\/p>\n\n\n\n<p>LUIS MIGUEL MENDES BOLAS<\/p>\n\n\n\n<p>LU\u00cdS MIGUEL NUNES BARATA DE BRITO DA LUZ&nbsp;<\/p>\n\n\n\n<p>LUIS RAMOS LOPES<\/p>\n\n\n\n<p>LUIS S\u00c1RAGGA LEAL<\/p>\n\n\n\n<p>LUISA MARIA RAMOS CARRAGETA CHARRUA<\/p>\n\n\n\n<p>MADELEINE MALLET PATR\u00cdCIO<\/p>\n\n\n\n<p>MANUEL ANSELMO AFONSO MENDES&nbsp;<\/p>\n\n\n\n<p>MANUEL BELEZA MOREIRA CHICAU<\/p>\n\n\n\n<p>MANUEL BENTO ROSADO<\/p>\n\n\n\n<p>MANUEL BRAVO LIMA<\/p>\n\n\n\n<p>MANUEL DOMINGOS GANHAO PINTO<\/p>\n\n\n\n<p>MANUEL EFIG\u00c9NIO CANO DE CASTRO E BRITO<\/p>\n\n\n\n<p>MANUEL FIALHO<\/p>\n\n\n\n<p>MANUEL FRANCISCO RAPOSO PALMA<\/p>\n\n\n\n<p>MANUEL JO\u00c3O DE BRITO LOURINHO<\/p>\n\n\n\n<p>MANUEL JOAQUIM GANCHO<\/p>\n\n\n\n<p>MANUEL PEDRO PEREIRA BAPTISTA (\u2020)<\/p>\n\n\n\n<p>MANUEL R. CALDEIRA PAIS<\/p>\n\n\n\n<p>MANUEL RUI AZINHAIS NABEIRO<\/p>\n\n\n\n<p>MANUEL RUIVO FIGUEIREDO<\/p>\n\n\n\n<p>MANUEL SOARES MONGE<\/p>\n\n\n\n<p>MARCELO COPELLO<\/p>\n\n\n\n<p>MARGARETA WINBERG<\/p>\n\n\n\n<p>MARIA CLARA ROQUE DO VALE<\/p>\n\n\n\n<p>MARIA CLARA ROQUE DO VALE<\/p>\n\n\n\n<p>MARIA CONCEI\u00c7\u00c3O E. N. RIBEIRO DA COSTA (\u2020)<\/p>\n\n\n\n<p>MARIA CONCEI\u00c7\u00c3O LOPES RAIMUNDO<\/p>\n\n\n\n<p>MARIA CONCEI\u00c7\u00c3O LOPES RAIMUNDO<\/p>\n\n\n\n<p>MARIA DA GRA\u00c7A SANTANA RAMALHO<\/p>\n\n\n\n<p>MARIA DO AMPARO MARQUES GODINHO&nbsp;<\/p>\n\n\n\n<p>MARIA HELENA PERDIG\u00c3O<\/p>\n\n\n\n<p>MARIA ISABEL SOUSA ALVES<\/p>\n\n\n\n<p>MARIA JO\u00c3O COSTA ROSADO<\/p>\n\n\n\n<p>MARIA JO\u00c3O MESQUITA LIBERAL<\/p>\n\n\n\n<p>MARIA JO\u00c3O PIRES DE BASTOS CABRITA<\/p>\n\n\n\n<p>MARIA LUCIA OLIVEIRA MARTINS<\/p>\n\n\n\n<p>MARIA RITA MADEIRA CLEMENTE<\/p>\n\n\n\n<p>MARIA TERESA DA CONCEI\u00c7\u00c3O NUNES BARATA&nbsp;<\/p>\n\n\n\n<p>MARIANA FERREIRA DE TORRES VAZ FREIRE<\/p>\n\n\n\n<p>MAR\u00cdLIA DA CONCEI\u00c7\u00c3O ROSADO BARROSO<\/p>\n\n\n\n<p>M\u00c1RIO JORGE CALDEIRA ANDRADE<\/p>\n\n\n\n<p>M\u00c1RIO MARTINS ADEGAS<\/p>\n\n\n\n<p>M\u00c1RIO TELLES J\u00daNIOR<\/p>\n\n\n\n<p>M\u00c1RIO VIEIRA VAZ DE MACEDO<\/p>\n\n\n\n<p>MAURO MARCELO ALVES<\/p>\n\n\n\n<p>MIGUEL ANT\u00d3NIO VIEGAS LOURO<\/p>\n\n\n\n<p>MIGUEL ARIAS CA\u00d1ETE<\/p>\n\n\n\n<p>NELSON HEITOR<\/p>\n\n\n\n<p>NICK BROWN<\/p>\n\n\n\n<p>NIELS HERIK SLIBEN<\/p>\n\n\n\n<p>NUNO PAULO AMIGUINHO CHEGADINHO<\/p>\n\n\n\n<p>NUNO TRISTAO NEVES<\/p>\n\n\n\n<p>OLINDA TEIXEIRA DE BARROS<\/p>\n\n\n\n<p>\u00d3SCAR MANUEL MORGADO GATO<\/p>\n\n\n\n<p>PATRICIA ISABEL LINO DA SILVA<\/p>\n\n\n\n<p>PAULO ANT\u00d3NIO CANH\u00c3O LAUREANO<\/p>\n\n\n\n<p>PAULO ANT\u00d3NIO PAULINO BARBOSA&nbsp;<\/p>\n\n\n\n<p>PEDRO ALMODOVAR QUEIROGA<\/p>\n\n\n\n<p>PEDRO ANT\u00d3NIO DE VADRE C.E ALVIM<\/p>\n\n\n\n<p>PEDRO CASTRO COSTA<\/p>\n\n\n\n<p>PEDRO HIP\u00d3LITO REIS<\/p>\n\n\n\n<p>PEDRO MIGUEL FRADE P.P. BAPTISTA<\/p>\n\n\n\n<p>RAFAEL MORAIS CARDOSO<\/p>\n\n\n\n<p>RAUL MIGUEL ROSADO FERNANDES<\/p>\n\n\n\n<p>RICARDO CASTILHO<\/p>\n\n\n\n<p>RICARDO FARIAS<\/p>\n\n\n\n<p>RIIT BJERREGAARD<\/p>\n\n\n\n<p>ROG\u00c9RIO ALBINO NEVES DE CASTRO&nbsp;<\/p>\n\n\n\n<p>ROSELY MOREIRA CHICAU<\/p>\n\n\n\n<p>RUDOLF BAUR<\/p>\n\n\n\n<p>RUI MIGUEL ROS\u00c1RIO VELADAS<\/p>\n\n\n\n<p>SAUL GALV\u00c3O DE FRAN\u00c7A J\u00daNIOR<\/p>\n\n\n\n<p>SERT\u00d3RIO LEAL BARONA<\/p>\n\n\n\n<p>TERESA ALMEIDA NEVES S\u00c1RAGGA LEAL<\/p>\n\n\n\n<p>TERESA BAPTISTA FINO<\/p>\n\n\n\n<p>TERESA CAMPOS DE MELO COLA\u00c7O DO ROS\u00c0RIO<\/p>\n\n\n\n<p>TERESA PAULA F.C.DE JESUS LAUREANO<\/p>\n\n\n\n<p>TIAGO PITA CARAVANA SANTOS SILVA&nbsp;<\/p>\n\n\n\n<p>TOM\u00c1S MARQUES VIEIRA DA CRUZ<\/p>\n\n\n\n<p>VALDEMAR ANT\u00d3NIO BOTAS VESTIAS<\/p>\n\n\n\n<p>VASCO FARIA<\/p>\n\n\n\n<p>VASCO LUIS IVENS FERRAZ JARDIM<\/p>\n\n\n\n<p>VITOR MANUEL COELHO BARROS<\/p>\n\n\n\n<p>VITOR MANUEL DA PONTE FERNANDES<\/p>\n\n\n\n<p>VITOR MANUEL PAES CAEIRO&nbsp; (\u2020)<\/p>\n\n\n\n<p>YORGOS ANOMERITIS<\/p>\n<\/div><\/div>\n\n\n\n<div data-title=\"Confrades Irm\u00e3os\" class=\"wp-block-themeisle-blocks-tabs-item\"><div class=\"wp-block-themeisle-blocks-tabs-item__header\" tabindex=\"0\">Confrades Irm\u00e3os<\/div><div class=\"wp-block-themeisle-blocks-tabs-item__content\">\n<p><strong>Entroniza\u00e7\u00e3o no 2\u00ba Gr\u00e3o Cap\u00edtulo de 4 de Novembro de 2023, na Pousada de Estremoz<\/strong><\/p>\n\n\n\n<p>HELENA SOFIA PITEIRA DE ALMEIDA FERREIRA<\/p>\n\n\n\n<p>HUGO ALEXANDRE RODRIGUES PARDAL<\/p>\n\n\n\n<p>MANUEL PIMENTA MORGADO BAI\u00d4A<\/p>\n\n\n\n<p>MIGUEL ANGELO DA COSTA CAEIRO<\/p>\n\n\n\n<p>RUI LOUREN\u00c7O<\/p>\n\n\n\n<p><strong>Entroniza\u00e7\u00e3o no 2\u00ba Gr\u00e3o Cap\u00edtulo de 5 de Novembro de 2022, no Pal\u00e1cio D. Manuel, em \u00c9vora<\/strong><\/p>\n\n\n\n<p>JOANA MARTINS TENDEIRO CALISTO PEDROSA<\/p>\n\n\n\n<p>JO\u00c3O PAULO COVAS CALADO<\/p>\n\n\n\n<p>LUIS FILIPE MORGADO LE\u00c3O<\/p>\n\n\n\n<p>MARIA JULIA PARREIRA ALVES MURTEIRA<\/p>\n\n\n\n<p>RAQUEL MARTA NEVES DOS SANTOS GARCIA<\/p>\n\n\n\n<p><strong>Entroniza\u00e7\u00e3o no 2\u00ba Gr\u00e3o Cap\u00edtulo de 20 de Novembro de 2021, no Convento do Espinheiro, em \u00c9vora<\/strong><\/p>\n\n\n\n<p>F\u00c1BIO BENJAMIN BENVINDA R. NICO<\/p>\n\n\n\n<p>PAULO JORGE BARRADAS DE OLIVEIRA REBELO<\/p>\n\n\n\n<p><strong>Entroniza\u00e7\u00e3o no 2\u00ba Gr\u00e3o Cap\u00edtulo de 16 de Novembro de 2019, no Convento dos L\u00f3ios, em Arraiolos<\/strong><\/p>\n\n\n\n<p>BIN CHAO<\/p>\n\n\n\n<p>JOS\u00c9 MATADO VENANCIO<\/p>\n\n\n\n<p>MANUEL FRANCISCO BALSINHAS CALADO<\/p>\n\n\n\n<p>MANUEL ROSADO NUNES COMENDA<\/p>\n\n\n\n<p>MIGUEL GODINHO FEIJ\u00c3O<\/p>\n\n\n\n<p>NUNO VAZ GUEDES PIRES<\/p>\n\n\n\n<p>PEDRO MIGUEL PI\u00d1ERO LAGO<\/p>\n\n\n\n<p>RENATO PERES NEVES<\/p>\n\n\n\n<p>RUI GON\u00c7ALO P.C. BAL\u00c3O ESPADEIRO<\/p>\n\n\n\n<p>SUSANA MARIA CASTRO GALEGO<\/p>\n\n\n\n<p>VASCO FRANCISCO AGUIAR MIGUEL<\/p>\n\n\n\n<p><strong>Entroniza\u00e7\u00e3o no 2\u00ba Gr\u00e3o Cap\u00edtulo de 17 de Novembro de 2018, no Hotel M\u2019Ar de Ar Muralhas<\/strong><\/p>\n\n\n\n<p>JOS\u00c9 GABRIEL PAIX\u00c3O CALIXTO<\/p>\n\n\n\n<p>LUIS CARLOS FERREIRA PERES DE SOUSA<\/p>\n\n\n\n<p>MARGARIDA &#8211; WENGIN CAO<\/p>\n\n\n\n<p>MICHEL SEGUSO<\/p>\n\n\n\n<p>RETO FRANK J\u00d6RG<\/p>\n\n\n\n<p><strong>Entroniza\u00e7\u00e3o no 2\u00ba Gr\u00e3o Cap\u00edtulo de 18 de Novembro de 2017, no \u00c9vora Hotel<\/strong><\/p>\n\n\n\n<p>DONZ\u00cdLIA COPETO<\/p>\n\n\n\n<p>JOS\u00c9 MIGUEL ALMEIDA<\/p>\n\n\n\n<p>NUNO BIC\u00d3<\/p>\n\n\n\n<p>PAULO BERNARDO<\/p>\n\n\n\n<p>RUI REGUINGA<\/p>\n\n\n\n<p>S\u00d3NIA SEBO<\/p>\n\n\n\n<p><strong>Entroniza\u00e7\u00e3o no 2\u00ba Gr\u00e3o Cap\u00edtulo de 11 de Novembro de 2016, no Convento do Espinheiro<\/strong><\/p>\n\n\n\n<p>DONAT\u00cdLIA MANUELA CAEIRO RODRIGUES VIVAS<\/p>\n\n\n\n<p>FRANCISCO MANUEL O\u2019DONNELL DE VASCONCELOS RICO<\/p>\n\n\n\n<p>MARIA JOS\u00c9 PARREIRA<\/p>\n\n\n\n<p>FRANCISCO MATEUS<\/p>\n\n\n\n<p>MARIA DO ROS\u00c1RIO TENDEIRO<\/p>\n\n\n\n<p>VASCO MALTEZ PIC\u00c3O ABREU<\/p>\n\n\n\n<p><strong>Entroniza\u00e7\u00e3o no 2\u00ba Gr\u00e3o Cap\u00edtulo de 21 de Novembro de 2015, no Hotel M\u2019Ar de Ar Muralhas<\/strong><\/p>\n\n\n\n<p>ANT\u00d3NIO FILIPE LUCAS VENTURA<\/p>\n\n\n\n<p>JO\u00c3O AM\u00c9RICO CARVALHO SOARES<\/p>\n\n\n\n<p>MARIA BALBINA DIAS PIRES LEIT\u00c3O<\/p>\n\n\n\n<p>MARIA MANUEL MODESTO PICA<\/p>\n\n\n\n<p>PEDRO CORREA DE OLIVEIRA<\/p>\n\n\n\n<p>SANDRA ISABEL ANTUNES DOURADO SILVA<\/p>\n\n\n\n<p>SOFIA SANTOS MARTINS<\/p>\n\n\n\n<p>SUSANA ESTEBAN<\/p>\n\n\n\n<p><strong>Entroniza\u00e7\u00e3o no 2\u00ba Gr\u00e3o Cap\u00edtulo de 15 de Novembro de 2014, no Hotel Convento do Espinheiro<\/strong><\/p>\n\n\n\n<p>CRISTINA MARIA MONTEIRO MARQUES HOLBECHE FINO<\/p>\n\n\n\n<p>FERNANDO MANUEL DE CAMPOS T. REI<\/p>\n\n\n\n<p>MARIA TERESA CAPELA CORNACHO<\/p>\n\n\n\n<p>MARIA TERESA POSSID\u00d3NIO SANTOS<\/p>\n\n\n\n<p>ANT\u00d3NIO CEIA DA SILVA<\/p>\n\n\n\n<p><strong>Entroniza\u00e7\u00e3o no 2\u00baGr\u00e3o Cap\u00edtulo de 16 de Novembro de 2013, no Hotel Mar d&#8217;Ar Muralhas<\/strong><\/p>\n\n\n\n<p>ANT\u00d3NIO FREDERICO DE SOUSA FALC\u00c3O<\/p>\n\n\n\n<p>JOS\u00c9 CARLOS DE ALMEIDA SANTOS<\/p>\n\n\n\n<p>MARIA TERESA BORREGO CHICAU<\/p>\n\n\n\n<p>PEDRO JORGE REBELO LUIZ DE CASTRO<\/p>\n\n\n\n<p><strong>Entroniza\u00e7\u00e3o no 2\u00ba Gr\u00e3o Cap\u00edtulo de 24 de Novembro de 2012, no Hotel Convento do Espinheiro<\/strong><\/p>\n\n\n\n<p>FL\u00c1VIA RAQUEL BORREICHO CALHAU<\/p>\n\n\n\n<p>LUIS FILIPE MARGA\u00c7A LOPES<\/p>\n\n\n\n<p>MANUEL MURTEIRA LOPES QUINTAS<\/p>\n\n\n\n<p>MARIA GABRIELA FIALHO CARVALHEIRA<\/p>\n\n\n\n<p>ANT\u00d3NIO MANUEL SOARES SERRANO<\/p>\n\n\n\n<p>CL\u00c1UDIO MIGUEL MARTINS CARVALHEIRA<\/p>\n\n\n\n<p><strong>Entroniza\u00e7\u00e3o no Gr\u00e3o Cap\u00edtulo de 11 de Novembro de 2011, na Universidade de \u00c9vora<\/strong><\/p>\n\n\n\n<p>DANIEL SANCHES<\/p>\n\n\n\n<p>LUIS MANUEL CORREIA<\/p>\n\n\n\n<p>NATALINA MARIA BAGULHO SAFARA<\/p>\n\n\n\n<p>PEDRO MANUEL SIM\u00d5ES CARVALHO<\/p>\n\n\n\n<p>VASCO MARIA SILVEIRA LOBO<\/p>\n\n\n\n<p>VASCO NAZARETH VALENTE ROSA<\/p>\n\n\n\n<p><strong>Entroniza\u00e7\u00e3o no 2\u00ba Gr\u00e3o Cap\u00edtulo de 13 de Novembro de 2010, no Museu de \u00c9vora<\/strong><\/p>\n\n\n\n<p>ALCIDES DIAMBA<\/p>\n\n\n\n<p>ALEXANDRE da ROSA GOMES<\/p>\n\n\n\n<p>BERNARDINA DE JESUS DA SILVA CARTAXO<\/p>\n\n\n\n<p>BERNARDO d&#8217;OREY SOARES FRANCO CABRAL<\/p>\n\n\n\n<p>CHRISTIAN BURGOS<\/p>\n\n\n\n<p>RICARDO JOS\u00c9 DA GRA\u00c7A RAMOS<\/p>\n\n\n\n<p>SUZANA BARELLI<\/p>\n\n\n\n<p><strong>Entroniza\u00e7\u00e3o no Gr\u00e3o Cap\u00edtulo de 14 de Novembro de 2009, no Sal\u00e3o Nobre da C\u00e2mara Municipal de \u00c9vora<\/strong><\/p>\n\n\n\n<p>ANA PAULA MIRA CLEMENTE<\/p>\n\n\n\n<p>ANT\u00d3NIO CARDOSO FORTES CALADO<\/p>\n\n\n\n<p>ANT\u00d3NIO NORONHA LOPES<\/p>\n\n\n\n<p>BENVINDO MARTINS MA\u00c7\u00c2S<\/p>\n\n\n\n<p>CARLOS ALBERTO SERRANO MIRA<\/p>\n\n\n\n<p>DINIS PIRES<\/p>\n\n\n\n<p>JOS\u00c9 LUIS GON\u00c7ALVES P. MARTINS PORTAS<\/p>\n\n\n\n<p>LUIS MIGUEL SERRANO MIRA<\/p>\n\n\n\n<p>NUNO NORONHA LOPES<\/p>\n\n\n\n<p>NOME<\/p>\n\n\n\n<p>PEDRO MIGUEL RIBEIRO<\/p>\n\n\n\n<p>TERESA DO ROS\u00c1RIO MARQUES DOS SANTOS<\/p>\n\n\n\n<p><strong>Entroniza\u00e7\u00e3o no Gr\u00e3o Cap\u00edtulo de 15 de Novembro de 2008, no Sal\u00e3o Nobre do Teatro Garcia de Resende<\/strong>, <strong>em \u00c9vora<\/strong><\/p>\n\n\n\n<p>DORA CLARA CORREIA SIM\u00d5ES<\/p>\n\n\n\n<p>GUSTAVO FRAN\u00c7A BORGES<\/p>\n\n\n\n<p>JO\u00c3O MANUEL GON\u00c7ALVES NABEIRO<\/p>\n\n\n\n<p>JOS\u00c9 ANT\u00d3NIO FERR\u00c3O CASTELO BRANCO<\/p>\n\n\n\n<p>MAR\u00cdLIA DA CONCEI\u00c7\u00c3O ROSADO BARROSO<\/p>\n\n\n\n<p><strong>Entroniza\u00e7\u00e3o no 2\u00ba Gr\u00e3o Cap\u00edtulo de 10 de Novembro de 2007, no Jardim do Pa\u00e7o<\/strong><\/p>\n\n\n\n<p>AM\u00c2NDIO JOS\u00c9 ELEUT\u00c9RIO DA CRUZ<\/p>\n\n\n\n<p>AN\u00cdBAL PATR\u00cdCIO<\/p>\n\n\n\n<p>CARLOS ALBERTO MARTINS PRATA<\/p>\n\n\n\n<p>DIOGO MIGUEL DA FONSECA CARRETO LOPES<\/p>\n\n\n\n<p>JOAQUIM PEDRO GORJ\u00c3O HENRIQUES REBELO ARNAUD<\/p>\n\n\n\n<p>JORGE MANUEL BOTAS FRAGOSO PIRES<\/p>\n\n\n\n<p>JOS\u00c9 MANUEL NUNES BARATA DE BRITO DA LUZ<\/p>\n\n\n\n<p>LEONEL ANT\u00d3NIO CAMEIRINHA<\/p>\n\n\n\n<p>LU\u00cdS AUR\u00c9LIO CARDOSO LIN\u00c3<\/p>\n\n\n\n<p>LU\u00cdS MIGUEL NUNES BARATA DE BRITO DA LUZ<\/p>\n\n\n\n<p>MANUEL ANSELMO AFONSO MENDES<\/p>\n\n\n\n<p>MARIA DO AMPARO MARQUES GODINHO<\/p>\n\n\n\n<p>MARIA TERESA DA CONCEI\u00c7\u00c3O NUNES BARATA<\/p>\n\n\n\n<p>PAULO ANT\u00d3NIO PAULINO BARBOSA<\/p>\n\n\n\n<p>ROG\u00c9RIO ALBINO NEVES DE CASTRO<\/p>\n\n\n\n<p>TIAGO PITA CARAVANA SANTOS SILVA<\/p>\n\n\n\n<p><strong>Entroniza\u00e7\u00e3o no 2\u00ba Gr\u00e3o Cap\u00edtulo de 18 de Novembro de 2006, na sala de Actos da Universidade de \u00c9vora<\/strong><\/p>\n\n\n\n<p>BRUNO TIAGO GUERRA GRADES<\/p>\n\n\n\n<p>MADELEINE MALLET PATR\u00cdCIO<\/p>\n\n\n\n<p>MANUEL SOARES MONGE<\/p>\n\n\n\n<p>MARCELO COPELLO<\/p>\n\n\n\n<p>MARIA JO\u00c3O PIRES DE BASTOS CABRITA<\/p>\n\n\n\n<p>RICARDO FARIAS<\/p>\n\n\n\n<p><strong>Entroniza\u00e7\u00e3o no Gr\u00e3o Cap\u00edtulo de 12 de Novembro de 2005, no Hotel Convento do Espinheiro, em \u00c9vora<\/strong><\/p>\n\n\n\n<p>ARTUR VARELA PAES CONCEI\u00c7\u00c3O E SILVA<\/p>\n\n\n\n<p>HELDER BEXIGA TOMAZ ALMEIDA<\/p>\n\n\n\n<p>JOS\u00c9 LUIS ALVIM BORGES<\/p>\n\n\n\n<p>LUIS MIGUEL MENDES BOLAS<\/p>\n\n\n\n<p>TERESA CAMPOS DE MELO COLA\u00c7O DO ROS\u00c0RIO<\/p>\n\n\n\n<p>TOM\u00c1S MARQUES VIEIRA DA CRUZ<\/p>\n\n\n\n<p><strong>Entroniza\u00e7\u00e3o no Gr\u00e3o Cap\u00edtulo de 15 de Novembro de 2003, no Pal\u00e1cio Duques de Cadaval, em \u00c9vora<\/strong><\/p>\n\n\n\n<p>JOAQUIM AGOSTINHO PEDRAS DA SILVA<\/p>\n\n\n\n<p>JOS\u00c9 ALBERTO NORONHA MARQUES ROBALO<\/p>\n\n\n\n<p>MANUEL EFIG\u00c9NIO CANO DE CASTRO E BRITO<\/p>\n\n\n\n<p>MARIANA FERREIRA DE TORRES VAZ FREIRE<\/p>\n\n\n\n<p>SAUL GALV\u00c3O DE FRAN\u00c7A J\u00daNIOR<\/p>\n\n\n\n<p><strong>Entroniza\u00e7\u00e3o no Gr\u00e3o Cap\u00edtulo de 16 de Novembro de 2002, na Messe dos Oficiais (Convento da Gra\u00e7a), em \u00c9vora<\/strong><\/p>\n\n\n\n<p>ANT\u00d3NIO MARIA ROSADO PEREIRA<\/p>\n\n\n\n<p>DUARTE LEAL DA COSTA<\/p>\n\n\n\n<p>FERNANDO MANUEL CARPINTEIRO ALBINO<\/p>\n\n\n\n<p>FERNANDO PAIVA DE CASTRO<\/p>\n\n\n\n<p>JO\u00c2O LUIS SARDINHA PAIX\u00c3O<\/p>\n\n\n\n<p>JORGE RANGEL TOSCANO<\/p>\n\n\n\n<p>LUIS FILIPE PERDIZ<\/p>\n\n\n\n<p>LUIS IN\u00caZ FERNANDES<\/p>\n\n\n\n<p>MARIA RITA MADEIRA CLEMENTE<\/p>\n\n\n\n<p>RICARDO CASTILHO<\/p>\n\n\n\n<p>RUI MIGUEL ROS\u00c1RIO VELADAS<\/p>\n\n\n\n<p><strong>Entroniza\u00e7\u00e3o no Gr\u00e3o Cap\u00edtulo de 10 de Novembro de 2001, na Sal\u00e3o Nobre do INATEL, em \u00c9vora<\/strong><\/p>\n\n\n\n<p>ALBERTO FIGUEIREDO KROHN DA SILVA<\/p>\n\n\n\n<p>ANT\u00d3NIO MANUEL BAI\u00c3O LAN\u00c7A<\/p>\n\n\n\n<p>DORINA ANGELIKA LINDEMANN<\/p>\n\n\n\n<p>FERNANDO MANUEL DIREITINHO<\/p>\n\n\n\n<p>JORGE LUCKI<\/p>\n\n\n\n<p>JORGE MANUEL FONSECA E SILVA<\/p>\n\n\n\n<p>JOS\u00c9 PAULINO<\/p>\n\n\n\n<p>LUIS ANT\u00d3NIO FARIA ROSADO<\/p>\n\n\n\n<p>LUIS MEDEIROS VIEIRA<\/p>\n\n\n\n<p>MANUEL RUI AZINHAIS NABEIRO<\/p>\n\n\n\n<p>VASCO LUIS IVENS FERRAZ JARDIM<\/p>\n\n\n\n<p><strong>Entroniza\u00e7\u00e3o no Gr\u00e3o Cap\u00edtulo de 11 de Novembro de 2000, no Hotel da Cartuxa, em \u00c9vora<\/strong><\/p>\n\n\n\n<p>EURICO EDGAR DA PALMA PIRES<\/p>\n\n\n\n<p>FRANCISCO MANUEL BAPTISTA FINO<\/p>\n\n\n\n<p>JOS\u00c9 ERNESTO DE OLIVEIRA<\/p>\n\n\n\n<p>MANUEL JO\u00c3O DE BRITO LOURINHO<\/p>\n\n\n\n<p>M\u00c1RIO MARTINS ADEGAS<\/p>\n\n\n\n<p>NUNO PAULO AMIGUINHO CHEGADINHO<\/p>\n\n\n\n<p>PEDRO HIP\u00d3LITO REIS<\/p>\n\n\n\n<p>VITOR MANUEL COELHO BARROS<\/p>\n\n\n\n<p><strong>Entroniza\u00e7\u00e3o no Gr\u00e3o Cap\u00edtulo de 13 de Novembro de 1999, na Igreja dos L\u00f3ios, em \u00c9vora<\/strong><\/p>\n\n\n\n<p>CARLOS ERNESTO CABRAL DE MELLO<\/p>\n\n\n\n<p>JO\u00c3O NUNES PIRES<\/p>\n\n\n\n<p>JO\u00c3O RAFAEL COELHO GANCHO<\/p>\n\n\n\n<p>JOAQUIM JOS\u00c9 GALANTE DE CARVALHO<\/p>\n\n\n\n<p>JOS\u00c9 ANT\u00d3NIO DE VARGAS DIAS LOPES<\/p>\n\n\n\n<p>JOS\u00c9 CARLOS ZORRINHO<\/p>\n\n\n\n<p>JOS\u00c9 MARIA SANTANA<\/p>\n\n\n\n<p>MANUEL BELEZA MOREIRA CHICAU<\/p>\n\n\n\n<p>MARIA CONCEI\u00c7\u00c3O E. N. RIBEIRO DA COSTA (\u2020)<\/p>\n\n\n\n<p>PEDRO ALMODOVAR QUEIROGA<\/p>\n\n\n\n<p>RAUL MIGUEL ROSADO FERNANDES<\/p>\n\n\n\n<p>ROSELY MOREIRA CHICAU<\/p>\n\n\n\n<p><strong>Entroniza\u00e7\u00e3o no Gr\u00e3o Cap\u00edtulo de 21 de Novembro de 1998, na Sal\u00e3o Nobre do INATEL, em \u00c9vora<\/strong><\/p>\n\n\n\n<p>ANT\u00d3NIO LUIS C.CORTEZ DE LOB\u00c3O<\/p>\n\n\n\n<p>CARLOS MANUEL P. DE ALMEIDA SAMPAIO<\/p>\n\n\n\n<p>FILIPE FRA\u00daSTO DA SILVA<\/p>\n\n\n\n<p>JORGE CARRARA<\/p>\n\n\n\n<p>JORGE FRANCISCO PINTO GANH\u00c3O (\u2020)<\/p>\n\n\n\n<p>JOS\u00c9 CARLOS C.LOPES LOB\u00c3O<\/p>\n\n\n\n<p>MARIA DA GRA\u00c7A SANTANA RAMALHO<\/p>\n\n\n\n<p>MARIA JO\u00c3O MESQUITA LIBERAL<\/p>\n\n\n\n<p>MAURO MARCELO ALVES<\/p>\n\n\n\n<p>RUDOLF BAUR<\/p>\n\n\n\n<p>TERESA ALMEIDA NEVES S\u00c1RAGGA LEAL<\/p>\n\n\n\n<p><strong>Entroniza\u00e7\u00e3o no Gr\u00e3o Cap\u00edtulo de 22 de Novembro de 1997, no Hotel da Cartuxa, em \u00c9vora<\/strong><\/p>\n\n\n\n<p>DELMAR SILVA GOMES BARREIROS<\/p>\n\n\n\n<p>JO\u00c3O ANDRADE SANTOS<\/p>\n\n\n\n<p>JOS\u00c9 ANT\u00ba CHOCOLATE CONTRADAN\u00c7AS<\/p>\n\n\n\n<p>JOS\u00c9 JOAQUIM SANTOS<\/p>\n\n\n\n<p>LUISA MARIA RAMOS CARRAGETA CHARRUA<\/p>\n\n\n\n<p>PEDRO MIGUEL FRADE P.P. BAPTISTA<\/p>\n\n\n\n<p><strong>Entroniza\u00e7\u00e3o no Gr\u00e3o Cap\u00edtulo de 30 de Novembro de 1996, no Pal\u00e1cio da Inquisi\u00e7\u00e3o, em \u00c9vora<\/strong><\/p>\n\n\n\n<p>JOAQUIM AN\u00cdBAL FREIXIAL DE G\u00d3IS<\/p>\n\n\n\n<p>JORGE MANUEL FERREIRA MARTINS<\/p>\n\n\n\n<p>JORGE QUINA ARA\u00daJ0<\/p>\n\n\n\n<p>JOS\u00c9 DO ROS\u00c1RIO OLEIRO MALT\u00caZ<\/p>\n\n\n\n<p>LUIS FILIPE LOPES MORENO ANTUNES<\/p>\n\n\n\n<p>LUIS MANUEL SILVA SANTOS (\u2020)<\/p>\n\n\n\n<p><strong>Entroniza\u00e7\u00e3o no Gr\u00e3o Cap\u00edtulo de 4 de Novembro de 1995, no Museu de \u00c9vora<\/strong><\/p>\n\n\n\n<p>AMOR DA RESSURREI\u00c7\u00c3O AMARAL FIALHO<\/p>\n\n\n\n<p>ANT\u00ba MANUEL F.DOS SANTOS GON\u00c7ALVES<\/p>\n\n\n\n<p>ARLINDO MARIA RUIVO<\/p>\n\n\n\n<p>DIOGO MANUEL CANH\u00c4O SAPATINHA<\/p>\n\n\n\n<p>JOANA IN\u00caS ROQUE DO VALE<\/p>\n\n\n\n<p>JO\u00c3O ANTERO ARA\u00daJO (\u2020)<\/p>\n\n\n\n<p>JO\u00c3O DA CONCEI\u00c7\u00c3O LOUREN\u00c7O SALES<\/p>\n\n\n\n<p>JO\u00c3O ROSADO CORREIA (\u2020)<\/p>\n\n\n\n<p>JOS\u00c9 MARIANO DOS SANTOS SOEIRO<\/p>\n\n\n\n<p>PEDRO ANT\u00d3NIO DE VADRE C.E ALVIM<\/p>\n\n\n\n<p>TERESA PAULA F.C.DE JESUS LAUREANO<\/p>\n\n\n\n<p><strong>Entronizados no Gr\u00e3o Cap\u00edtulo de 27 de Novembro de 1993, no Pal\u00e1cio D. Manuel, em \u00c9vora.<\/strong><\/p>\n\n\n\n<p>LUIS GONZAGA DE SOUSA MORAIS CARDOSO<\/p>\n\n\n\n<p><strong>Entroniza\u00e7\u00e3o no Gr\u00e3o Cap\u00edtulo de 7 de Novembro de 1992, na Igreja das Merc\u00eas, em \u00c9vora<\/strong><br><\/p>\n\n\n\n<p>ANDR\u00c9 BARROS MENDES DORDIO<\/p>\n\n\n\n<p>ANT\u00d3NIO JOAQUIM BARROCAS GUERRA<\/p>\n\n\n\n<p>JO\u00c3O COTTA DIAS<\/p>\n\n\n\n<p>JOS\u00c9 JOAQUIM SOARES ROSA<\/p>\n\n\n\n<p>JOS\u00c9 MARTINS DA SILVA MOUZINHO<\/p>\n\n\n\n<p>PAULO ANT\u00d3NIO CANH\u00c3O LAUREANO<\/p>\n\n\n\n<p>RAFAEL MORAIS CARDOSO<\/p>\n\n\n\n<p><strong>Entroniza\u00e7\u00e3o no Gr\u00e3o Cap\u00edtulo de 21 de Mar\u00e7o de 1992, no Convento de S. Bernardo, em Portalegre<\/strong><\/p>\n\n\n\n<p>ARNALDO GOMES MADEIRA<\/p>\n\n\n\n<p>FERNANDO JOS\u00c9 SANCHEZ RAMIREZ<\/p>\n\n\n\n<p>FRANCISCO ANT\u00d3NIO MENDES BOLAS<\/p>\n\n\n\n<p>JO\u00c3O JOS\u00c9 GOMES ESTEVES<\/p>\n\n\n\n<p>MANUEL BRAVO LIMA<\/p>\n\n\n\n<p>MARIA HELENA PERDIG\u00c3O<\/p>\n\n\n\n<p>VASCO FARIA<\/p>\n<\/div><\/div>\n\n\n\n<div data-title=\"Confrades de Honra\" class=\"wp-block-themeisle-blocks-tabs-item\"><div class=\"wp-block-themeisle-blocks-tabs-item__header\" tabindex=\"0\">Confrades de Honra<\/div><div class=\"wp-block-themeisle-blocks-tabs-item__content\">\n<p><strong>Entronizado no 2\u00ba Gr\u00e3o Cap\u00edtulo de 4 de Novembro de 2023, na Pousada de Estremoz<\/strong><\/p>\n\n\n\n<p>ANT\u00d3NIO JOS\u00c9 CARMELO AIRES<\/p>\n\n\n\n<p><strong>Entroniza\u00e7\u00e3o no 2\u00ba Gr\u00e3o Cap\u00edtulo de 16 de Novembro de 2019, no Convento dos L\u00f3ios, em Arraiolos<\/strong><\/p>\n\n\n\n<p>PEDRO MIGUEL PI\u00d1ERO LAGO<\/p>\n\n\n\n<p><strong>Entronizados no Gr\u00e3o Cap\u00edtulo de 18 de Novembro de 2006, na Sala de Actos da Universidade de \u00c9vora.<\/strong><\/p>\n\n\n\n<p>COMISS\u00c3O VITIVIN\u00cdCOLA REGIONAL ALENTEJANA<\/p>\n\n\n\n<p><strong>Entronizados em cerim\u00f3nia que decorreu no S\u00e3o Paulo Clube, em S. Paulo \/ Brasil, em 24 de Abril de 2003, por ocasi\u00e3o da abertura da Delega\u00e7\u00e3o do Brasil<\/strong><\/p>\n\n\n\n<p>CARLOS AUGUSTO GOMES PERICO<\/p>\n\n\n\n<p>JORGE DA CONCEI\u00c7\u00c3O LOPES<\/p>\n\n\n\n<p>M\u00c1RIO TELLES J\u00daNIOR<\/p>\n\n\n\n<p><strong>Entronizados no Gr\u00e3o Cap\u00edtulo de 16 de Novembro de 2002, na Messe dos Oficiais (Convento da Gra\u00e7a), em \u00c9vora<\/strong><\/p>\n\n\n\n<p>MARIA CLARA ROQUE DO VALE<\/p>\n\n\n\n<p><strong>Entronizados no Gr\u00e3o Cap\u00edtulo de 11 de Novembro de 2000, no Hotel da Cartuxa, em \u00c9vora<\/strong><\/p>\n\n\n\n<p>FRANCISCO ANT\u00d3NIO COLA\u00c7O DO ROS\u00c1RIO<\/p>\n\n\n\n<p><strong>Entronizados em 28 de Maio de 2000, em cerim\u00f3nia p\u00fablica que decorreu na Sala da Actos da Universidade de \u00c9vora, por ocasi\u00e3o da reuni\u00e3o informal dos Ministros da Agriculta<\/strong><\/p>\n\n\n\n<p>FERNAND BODEN<\/p>\n\n\n\n<p>FRANZ FISCHLER<\/p>\n\n\n\n<p>HEMIL\u00c4 KALEVI<\/p>\n\n\n\n<p>JAAK GABRI\u00cbLS<\/p>\n\n\n\n<p>JEAN-ANDR\u00c9 GLAVANY<\/p>\n\n\n\n<p>KARL-HEINZ FUNKE<\/p>\n\n\n\n<p>LAURENS J. BRINKHORST<\/p>\n\n\n\n<p>LUIS CAPOULAS SANTOS<\/p>\n\n\n\n<p>MARGARETA WINBERG<\/p>\n\n\n\n<p>MIGUEL ARIAS CA\u00d1ETE<\/p>\n\n\n\n<p>NICK BROWN<\/p>\n\n\n\n<p>NIELS HERIK SLIBEN<\/p>\n\n\n\n<p>RIIT BJERREGAARD<\/p>\n\n\n\n<p>YORGOS ANOMERITIS<\/p>\n\n\n\n<p><strong>Entronizados no Gr\u00e3o Cap\u00edtulo de 13 de Novembro de 1999, na Igreja dos L\u00f3ios, em \u00c9vora<\/strong><\/p>\n\n\n\n<p>OLINDA TEIXEIRA DE BARROS<\/p>\n\n\n\n<p><strong>Entronizados no Gr\u00e3o Cap\u00edtulo de 4 de Novembro de 1995, no Museu de \u00c9vora<\/strong><\/p>\n\n\n\n<p>ALEXANDRE CARLOS DE MELLO V. C. RELVAS<\/p>\n\n\n\n<p>LUIS FRANCISCO VALENTE DE OLIVEIRA<\/p>\n<\/div><\/div>\n<\/div><\/div>\n\n\n\n<p class=\"has-text-align-justify\"><\/p>\n","protected":false},"excerpt":{"rendered":"<p>Os estatutos atuais da Confraria dos En\u00f3filos do Alentejo contemplam a exist\u00eancia de quatro categorias de associados: Confrades Fundadores, Confrades Irm\u00e3os, Confrades de Honra e Confrades de M\u00e9rito.<\/p>\n","protected":false},"author":1,"featured_media":0,"parent":0,"menu_order":0,"comment_status":"closed","ping_status":"closed","template":"","meta":{"_editorskit_title_hidden":false,"_editorskit_reading_time":0,"_editorskit_is_block_options_detached":false,"_editorskit_block_options_position":"{}","_eb_attr":"","neve_meta_sidebar":"default","neve_meta_container":"","neve_meta_enable_content_width":"on","neve_meta_content_width":100,"neve_meta_title_alignment":"center","neve_meta_author_avatar":"","neve_post_elements_order":"","neve_meta_disable_header":"","neve_meta_disable_footer":"","neve_meta_disable_title":"on","_themeisle_gutenberg_block_has_review":false,"_ti_tpc_template_sync":false,"_ti_tpc_template_id":"0yv2k21pkxzwtko0nyq3","footnotes":""},"class_list":["post-620","page","type-page","status-publish","hentry"],"aioseo_notices":[],"_links":{"self":[{"href":"https:\/\/confrariaenofilosalentejo.pt\/2\/wp-json\/wp\/v2\/pages\/620","targetHints":{"allow":["GET"]}}],"collection":[{"href":"https:\/\/confrariaenofilosalentejo.pt\/2\/wp-json\/wp\/v2\/pages"}],"about":[{"href":"https:\/\/confrariaenofilosalentejo.pt\/2\/wp-json\/wp\/v2\/types\/page"}],"author":[{"embeddable":true,"href":"https:\/\/confrariaenofilosalentejo.pt\/2\/wp-json\/wp\/v2\/users\/1"}],"replies":[{"embeddable":true,"href":"https:\/\/confrariaenofilosalentejo.pt\/2\/wp-json\/wp\/v2\/comments?post=620"}],"version-history":[{"count":11,"href":"https:\/\/confrariaenofilosalentejo.pt\/2\/wp-json\/wp\/v2\/pages\/620\/revisions"}],"predecessor-version":[{"id":1117,"href":"https:\/\/confrariaenofilosalentejo.pt\/2\/wp-json\/wp\/v2\/pages\/620\/revisions\/1117"}],"wp:attachment":[{"href":"https:\/\/confrariaenofilosalentejo.pt\/2\/wp-json\/wp\/v2\/media?parent=620"}],"curies":[{"name":"wp","href":"https:\/\/api.w.org\/{rel}","templated":true}]}}